{"id":417,"date":"2021-11-16T15:26:01","date_gmt":"2021-11-16T14:26:01","guid":{"rendered":"https:\/\/www.xmas-mercedes.hamburg\/?page_id=417"},"modified":"2021-11-25T10:53:47","modified_gmt":"2021-11-25T09:53:47","slug":"impressum_datenschutz","status":"publish","type":"page","link":"https:\/\/www.xmas-mercedes.hamburg\/?page_id=417","title":{"rendered":"Impressum_Datenschutz"},"content":{"rendered":"\t\t<div data-elementor-type=\"wp-page\" data-elementor-id=\"417\" class=\"elementor elementor-417\">\n\t\t\t\t\t\t\t\t\t<section class=\"elementor-section elementor-top-section elementor-element elementor-element-96d0791 elementor-section-full_width elementor-section-height-default elementor-section-height-default\" data-id=\"96d0791\" data-element_type=\"section\">\n\t\t\t\t\t\t<div class=\"elementor-container elementor-column-gap-default\">\n\t\t\t\t\t<div class=\"elementor-column elementor-col-100 elementor-top-column elementor-element elementor-element-7208c48\" data-id=\"7208c48\" data-element_type=\"column\">\n\t\t\t<div class=\"elementor-widget-wrap elementor-element-populated\">\n\t\t\t\t\t\t\t\t<div class=\"elementor-element elementor-element-8598747 elementor-widget elementor-widget-heading\" data-id=\"8598747\" data-element_type=\"widget\" data-widget_type=\"heading.default\">\n\t\t\t\t<div class=\"elementor-widget-container\">\n\t\t\t<style>\/*! elementor - v3.16.0 - 17-10-2023 *\/\n.elementor-heading-title{padding:0;margin:0;line-height:1}.elementor-widget-heading .elementor-heading-title[class*=elementor-size-]>a{color:inherit;font-size:inherit;line-height:inherit}.elementor-widget-heading .elementor-heading-title.elementor-size-small{font-size:15px}.elementor-widget-heading .elementor-heading-title.elementor-size-medium{font-size:19px}.elementor-widget-heading .elementor-heading-title.elementor-size-large{font-size:29px}.elementor-widget-heading .elementor-heading-title.elementor-size-xl{font-size:39px}.elementor-widget-heading .elementor-heading-title.elementor-size-xxl{font-size:59px}<\/style><h2 class=\"elementor-heading-title elementor-size-default\">Anbieter und Datenschutz<\/h2>\t\t<\/div>\n\t\t\t\t<\/div>\n\t\t\t\t<div class=\"elementor-element elementor-element-b8fca7c elementor-widget elementor-widget-text-editor\" data-id=\"b8fca7c\" data-element_type=\"widget\" data-widget_type=\"text-editor.default\">\n\t\t\t\t<div class=\"elementor-widget-container\">\n\t\t\t<style>\/*! elementor - v3.16.0 - 17-10-2023 *\/\n.elementor-widget-text-editor.elementor-drop-cap-view-stacked .elementor-drop-cap{background-color:#69727d;color:#fff}.elementor-widget-text-editor.elementor-drop-cap-view-framed .elementor-drop-cap{color:#69727d;border:3px solid;background-color:transparent}.elementor-widget-text-editor:not(.elementor-drop-cap-view-default) .elementor-drop-cap{margin-top:8px}.elementor-widget-text-editor:not(.elementor-drop-cap-view-default) .elementor-drop-cap-letter{width:1em;height:1em}.elementor-widget-text-editor .elementor-drop-cap{float:left;text-align:center;line-height:1;font-size:50px}.elementor-widget-text-editor .elementor-drop-cap-letter{display:inline-block}<\/style>\t\t\t\t<p>Anbieter<br \/>Mercedes-Benz AG<br \/>Mercedesstra\u00dfe 120<br \/>70372 Stuttgart<br \/>Tel.: (+49) 0711 \/ 17-0<br \/>eMail: dialog.mb@daimler.com<\/p><p>Vertreten durch den Vorstand:<br \/>Ola K\u00e4llenius (Vorsitzender), J\u00f6rg Burzer, Renata Jungo Br\u00fcngger, Sabine Kohleisen, Markus Sch\u00e4fer, Britta Seeger, Harald Wilhelm<\/p><p>Vorsitzender des Aufsichtsrates: Bernd Pischetsrieder<\/p><p>Sitz und Registergericht:<br \/>Handelsregister beim Amtsgericht Stuttgart, Nr. HRB 762873<br \/>Umsatzsteueridentifikationsnummer: DE 32 12 81 763<\/p><p>Versicherungsvermittlerregister (www.vermittlerregister.info):<br \/>Register-Nr. D-N5VM-4IM0N-23<\/p><p>Erlaubnisbefreiung nach \u00a7 34d Abs. 3 GewO, Aufsichtsbeh\u00f6rde: IHK Stuttgart, J\u00e4gerstr. 30, www.ihk-stuttgart.de<\/p><p>Mitglied der Industrie- und Handelskammer Stuttgart, J\u00e4gerstr. 30, 70174 Stuttgart<\/p><p>Berufsbezeichnung: Versicherungsvertreter mit Erlaubnis nach \u00a7 34d Abs.3 GewO; Bundesrepublik Deutschland<\/p><p>Berufsrechtliche Regelungen:<\/p><p>&#8211; \u00a7 34d Gewerbeordnung<br \/>&#8211; \u00a7\u00a7 59 &#8211; 68 VVG<br \/>&#8211; VersVermV<\/p><p>Die berufsrechtlichen Regelungen k\u00f6nnen \u00fcber die vom Bundesministerium der Justiz und von der juris GmbH betriebenen Homepage www.gesetze-im-internet.de eingesehen und abgerufen werden.<\/p><p>Informationen zur Online-Streitbeilegung:<br \/>Die EU-Kommission hat eine Internetplattform zur Online-Beilegung von Streitigkeiten (sog. \u201eOS-Plattform\u201c) geschaffen. Die OS-Plattform dient als Anlaufstelle zur au\u00dfergerichtlichen Beilegung von Streitigkeiten betreffend vertragliche Verpflichtungen, die aus Online-Kaufvertr\u00e4gen erwachsen. Sie k\u00f6nnen die OS-Plattform unter dem folgenden Link erreichen: http:\/\/ec.europa.eu\/consumers\/odr<\/p><p>Kontakt.<br \/>Mercedes-Benz AG<br \/>Niederlassung Hamburg<br \/>Friedrich-Ebert-Damm 115<br \/>22047 Hamburg, Wandsbek<br \/>Tel.: +49 40 6941 &#8211; 0<br \/>Fax: +49 40 6941 1155<br \/>eMail: ndl.hamburg@mercedes-benz.com<\/p><p>Mercedes-Benz AG<br \/>Niederlassung L\u00fcbeck<br \/>Fackenburger Allee 66<br \/>23554 L\u00fcbeck<br \/>Tel.: +49 451 4500 &#8211; 0<br \/>Fax: +49 451 4500 &#8211; 133<br \/>eMail: luebeck@daimler.com<\/p><p>\u00a9 Copyright Mercedes-Benz AG.<\/p><p><strong>Cookie Informationen<\/strong><br \/>Hinweise zum Einsatz von Cookies sowie der Auswertung von Nutzungsdaten und dem Einsatz von Analyse-Werkzeugen.<\/p><p>Wir verwenden Cookies und \u00e4hnliche Softwaretools wie Web\/DOM Storage oder Local Shared Objects (sog. \u201eFlash-Cookies\u201c) (zusammen \u201eCookies\u201c). N\u00e4here Informationen zur Funktionsweise, zum Einsatz sowie zu den Verwendungszwecken von Cookies finden Sie nachstehend. Erg\u00e4nzende Informationen zum Umgang mit personenbezogenen Daten, auch in Cookies, finden Sie in unseren Datenschutzhinweisen (dort insbesondere in den Ziffern 3, 4 und 5).<br \/>1. Funktionen und Einsatz von Cookies<br \/>a. Cookies sind kleine Dateien, die von einer Webseite, die Sie besuchen, auf Ihrem Desktop-, Notebook- oder Mobilger\u00e4t abgelegt werden. Daraus k\u00f6nnen wir z.B. Ihre Auswahl im Online-Fahrzeugkonfigurator, Ihren Log-in-Status auf unseren Webseiten oder Ihren Warenkorb verwalten (soweit auf den Webseiten angeboten) verwalten. Cookies k\u00f6nnen auch personenbezogen Daten enthalten (z. B. pseudonyme Zeichenfolgen zur Verwaltung Ihrer aktuellen Browser-Sitzung).<\/p><p>b. Wenn Sie unsere Webseiten nutzen, setzen wir das Analyse-Werkzeug Adobe Analytics ein und setzen daf\u00fcr Cookies, sofern Sie dem zustimmen. Dar\u00fcber hinaus werden nur Cookies gesetzt, die technisch erforderlich sind, um Ihnen diese Webseiten, einschlie\u00dflich der von Ihnen genutzten Funktionen und Dienste, anzubieten<\/p><p>c. Sie k\u00f6nnen unsere Webseiten auch besuchen, ohne dass Cookies eingesetzt werden. D.h. Sie k\u00f6nnen die Verwendung verhindern und Cookies auch jederzeit l\u00f6schen, indem Sie entsprechende Einstellungen auf Ihrem Ger\u00e4t vornehmen. Dies geschieht wie folgt:<\/p><p>i. Die meisten Browser sind so voreingestellt, dass sie Cookies automatisch akzeptieren; diese Einstellung k\u00f6nnen Sie jedoch meistens \u00e4ndern. Vorhandene Cookies k\u00f6nnen Sie jederzeit l\u00f6schen. Wie das in dem von Ihnen verwendeten Browser bzw. Ger\u00e4t funktioniert, erfahren Sie in der Anleitung des Herstellers.<\/p><p>ii. Inhalte von Web\/DOM Storage k\u00f6nnen Sie jederzeit l\u00f6schen. Wie das in dem von Ihnen verwendeten Browser bzw. Ger\u00e4t funktioniert, erfahren Sie in der Anleitung des Herstellers.<\/p><p>iii. Informationen zur Deaktivierung und L\u00f6schung von Local Shared Objects finden Sie unter folgendem Link:<\/p><p>\u00a0Infos zur Deaktivierung von Local Shared Objects<br \/>iv. Wie der Einsatz von Cookies ist auch deren Ablehnung oder L\u00f6schung an das verwendete Ger\u00e4t und zudem an den jeweils eingesetzten Browser gebunden. Sie m\u00fcssen die Cookies also f\u00fcr jedes Ihrer Ger\u00e4te und bei Verwendung mehrerer Browser auch f\u00fcr jeden Browser separat ablehnen bzw. l\u00f6schen.<\/p><p>c. Wenn Sie sich gegen den Einsatz von Cookies entscheiden oder diese l\u00f6schen, kann es sein, dass Ihnen nicht alle Funktionen unserer Webseiten oder einzelne Funktionen nur eingeschr\u00e4nkt zur Verf\u00fcgung stehen.<\/p><p>d. Wir teilen Cookies in folgende Kategorien ein:<\/p><p>i. Unbedingt erforderliche Cookies (Typ 1)<br \/>Diese Cookies sind f\u00fcr die Funktionen der Webseiten unbedingt erforderlich. Ohne diese Cookies k\u00f6nnten wir Ihnen z.B. Dienste wie den Fahrzeugkonfigurator nicht anbieten.<\/p><p>ii. Leistungs-Cookies (Typ 3) \u2013 f\u00fcr Adobe Analytics<br \/>Diese Cookies sammeln Informationen dar\u00fcber, wie Sie unsere Webseiten verwenden. Damit k\u00f6nnen wir erkennen, welche Teile unseres Internetangebots besonders popul\u00e4rer sind, und auf diese Weise unser Angebot f\u00fcr Sie verbessern (sog. Tracking). N\u00e4here Informationen dazu erhalten Sie in Ziffer 5 unserer Datenschutzhinweise.<\/p><p>\u00a0Datenschutzhinweise<br \/>Allgemeine Cookies<br \/>Cookie Name Beschreibung Cookie Typ<br \/>JSESSIONID<br \/>Dieses Cookie wird von einem externen Server, der Kartendaten liefert, gesetzt. Es speichert die Session ID, welche mehrere zusammengeh\u00f6rige Anfragen an den Server b\u00fcndelt und einer Sitzung zuordnet.<br \/>Typ 1<br \/>s_sq<br \/>Dieses Adobe Tracking Cookie wird gesetzt und vom JavaScript-Code gelesen, um zu erkennen, ob Cookies aktiviert wurden (&#8222;True&#8220;)<br \/>Typ 3<br \/>s_cc<br \/>Dieses Adobe Tracking Cookie wird gesetzt und vom JavaScript-Code gelesen, wenn die ClickMap oder Activity Map Funktionalit\u00e4t aktiv gesetzt wurden; es enth\u00e4lt Informationen \u00fcber den vom Anwender vorher besuchten Link.<br \/>Typ 3<br \/>AMCVS_<br \/>Dieses Adobe Tracking Cookie wird verwendet, um einen eindeutigen Besucher zu identifizieren.<br \/>Typ 3<br \/>AMCV_<br \/>Dieses Adobe Tracking Cookie wird verwendet, um einen eindeutigen Besucher zu identifizieren.<br \/>Typ 3<br \/>allowThirdPartyCookies_xx<br \/>Dieses Cookie zeigt an, dass Sie der Verwendung von Cookies des Drittanbieters Adobe Tracking auf unseren Seiten zugestimmt haben.<br \/>Typ 3<br \/>emb_cis_xx<br \/>Dieses Cookie zeigt an, dass Sie der Verwendung von Cookies auf unseren Seiten zugestimmt haben. Es wird gesetzt, wenn Sie in dem Hinweislayer zur Verwendung von Cookies eine Schaltfl\u00e4che bet\u00e4tigt haben.<br \/>Typ 1<br \/>bu-navi-context<br \/>Dieses Cookie ist erforderlich um zu gew\u00e4hrleisten, dass Sie sich immer im richtigen BU-Kontext befinden und mithilfe der Navigationsleiste korrekt navigieren k\u00f6nnen.<br \/>Typ 1<br \/>Stand: M\u00e4rz 2021<\/p><p>Cookies<br \/>Datenschutz<br \/>Datenschutz<br \/>Verantwortlicher im Sinne der Datenschutz-Grundverordnung (\u201eDSGVO\u201c) ist:<\/p><p>Mercedes-Benz AG<br \/>Mercedesstra\u00dfe 120<br \/>70372 Stuttgart<br \/>Deutschland<\/p><p>E-Mail: dialog.mb@daimler.com<\/p><p>Datenschutzbeauftragter:<\/p><p>Daimler AG<br \/>Konzernbeauftragter f\u00fcr den Datenschutz<br \/>HPC E600<br \/>70546 Stuttgart<br \/>Deutschland<\/p><p>E-Mail: data.protection@daimler.com<\/p><p>1. Datenschutz<br \/>Wir freuen uns \u00fcber Ihren Besuch auf unseren Webseiten und Ihr Interesse an unseren Angeboten. Der Schutz Ihrer personenbezogenen Daten ist f\u00fcr uns ein wichtiges Anliegen. In diesen Datenschutzhinweisen erkl\u00e4ren wir, wie wir Ihre personenbezogenen Daten erheben, was wir damit tun, f\u00fcr welche Zwecke und auf welchen Rechtsgrundlagen dies geschieht, und welche Rechte und Anspr\u00fcche sich damit f\u00fcr Sie verbinden. Zus\u00e4tzlich verweisen wir auf die Daimler-Datenschutzrichtlinie:<\/p><p>\u00a0Daimler Datenschutzrichtlinie<br \/>Unsere Datenschutzhinweise f\u00fcr den Gebrauch unserer Webseiten und die Datenschutzrichtlinie der Daimler AG gelten nicht f\u00fcr Ihre Aktivit\u00e4ten auf den Webseiten von sozialen Netzwerken oder anderen Anbietern, die Sie \u00fcber die Links auf unseren Webseiten erreichen k\u00f6nnen. Bitte informieren Sie sich auf den Webseiten dieser Anbieter \u00fcber deren Datenschutzbestimmungen.<\/p><p>2. Erhebung und Verarbeitung Ihrer personenbezogenen Daten<br \/>a. Wenn Sie unsere Webseiten besuchen, speichern wir bestimmte Angaben zu dem von Ihnen verwendeten Browser und Betriebssystem, das Datum und die Uhrzeit des Besuches, den Zugriffsstatus (z.B. ob Sie eine Webseite aufrufen konnten oder eine Fehlermeldung erhielten), die Nutzung von Funktionen der Webseite, die von Ihnen m\u00f6glicherweise eingegebenen Suchbegriffe, die H\u00e4ufigkeit, mit der Sie einzelne Webseiten aufrufen, die Bezeichnung abgerufener Dateien, die \u00fcbertragenen Datenmenge, die Webseite, von der aus Sie auf unsere Webseiten gelangt sind, und die Webseite, die Sie von unseren Webseiten aus besuchen, sei es, indem Sie Links auf unseren Webseiten anklicken oder eine Domain direkt in das Eingabefeld derselben Registerkarte (bzw. desselben Fensters) Ihres Browsers eingeben, worin Sie unsere Webseiten ge\u00f6ffnet haben. Au\u00dferdem speichern wir aus Sicherheitsgr\u00fcnden, insbesondere zur Vorbeugung vor und Erkennung von Angriffen auf unsere Webseiten oder Betrugsversuchen, f\u00fcr die Dauer von sieben Tagen Ihre IP-Adresse und den Namen Ihres Internet Service Providers.<\/p><p>b. Andere personenbezogene Daten speichern wir nur, falls Sie uns diese Daten z.B. im Rahmen einer Registrierung, eines Kontaktformulars, einer Umfrage, eines Preisaus\u00adschreibens oder zur Durchf\u00fchrung eines Vertrages mitteilen, und auch in diesen F\u00e4llen nur, soweit uns dies aufgrund einer von Ihnen erteilten Einwilligung oder nach den geltenden Rechtsvorschriften (weitere Informationen dazu finden Sie unten im Abschnitt \u201eRechtsgrundlagen der Verarbeitung\u201c) gestattet ist.<\/p><p>c. Sie sind weder gesetzlich noch vertraglich verpflichtet, Ihre personenbezogenen Daten zu \u00fcberlassen. M\u00f6glich ist aber, dass bestimmte Funktionen unserer Webseiten von der \u00dcberlassung personenbezogener Daten abh\u00e4ngen. Falls Sie in diesen F\u00e4llen personenbezogene Daten nicht \u00fcberlassen, kann dies dazu f\u00fchren, dass Funktionen nicht oder nur eingeschr\u00e4nkt zur Verf\u00fcgung stehen.<\/p><p>3. Nutzungszwecke<br \/>a. Die bei einem Besuch unserer Webseiten erhobenen personenbezogenen Daten verwenden wir, um diese f\u00fcr Sie m\u00f6glichst komfortabel zu betreiben sowie unsere IT-Systeme vor Angriffen und anderen rechtswidrigen Handlungen zu sch\u00fctzen.<\/p><p>b. Soweit Sie uns weitere personenbezogene Daten z.B. im Rahmen einer Registrierung, eines Kontaktformulars, einer Umfrage, eines Preisaus\u00adschreibens oder zur Durchf\u00fchrung eines Vertrages mitteilen, nutzen wir diese Daten zu den genannten Zwecken, zu Zwecken der Kundenverwaltung und \u2013 soweit erforderlich \u2013 zu Zwecken der Abwicklung und Abrechnung etwaiger Gesch\u00e4ftsvorg\u00e4nge, jeweils in dem daf\u00fcr erforderlichen Umfang.<\/p><p>4. \u00dcbertragung personenbezogener Daten an Dritte; Social Plug-ins<br \/>a. Unsere Webseiten k\u00f6nnen auch Angebote Dritter enthalten. Wenn Sie ein solches Angebot anklicken, \u00fcbertragen wir im erforderlichen Umfang Daten an den jeweiligen Anbieter (z. B. die Angabe, dass Sie dieses Angebot bei uns gefunden haben und ggf. weitere Informationen, die Sie hierf\u00fcr auf unseren Webseiten bereits angegeben haben).<\/p><p>b. Wenn wir auf unseren Webseiten sogenannte \u201eSocial Plug-ins\u201c sozialer Netzwerke wie Facebook und Twitter einsetzen, binden wir diese wie folgt ein:<\/p><p>Wenn Sie unsere Webseiten besuchen, sind die Social Plug-ins deaktiviert, d.h. es findet keine \u00dcbertragung irgendwelcher Daten an die Betreiber dieser Netzwerke statt. Falls Sie eines der Netzwerke nutzen m\u00f6chten, klicken Sie auf das jeweilige Social Plug-in, um eine direkte Verbindung mit dem Server des jeweiligen Netzwerks aufzubauen.<\/p><p>Falls Sie bei dem Netzwerk ein Nutzerkonto haben und im Moment des Aktivierens des Social Plug-ins dort eingeloggt sind, kann das Netzwerk Ihren Besuch der unserer Webseiten Ihrem Nutzerkonto zuordnen. Wenn Sie das vermeiden m\u00f6chten, loggen Sie sich bitte vor der Aktivierung des Social Plug-ins aus dem Netzwerk aus. Den Besuch anderer Daimler-Webseiten kann ein soziales Netzwerk nicht zuordnen, bevor Sie nicht auch ein dort vorhandenes Social Plug-in aktiviert haben.<\/p><p>Wenn Sie ein Social Plug-in aktivieren, \u00fcbertr\u00e4gt das Netzwerk die dadurch verf\u00fcgbar werdenden Inhalte direkt an Ihren Browser, der sie in unsere Webseiten einbindet. In dieser Situation k\u00f6nnen auch Daten\u00fcbertragungen stattfinden, die vom jeweiligen sozialen Netzwerk initiiert und gesteuert werden. F\u00fcr Ihre Verbindung zu einem sozialen Netzwerk, die zwischen dem Netzwerk und Ihrem System stattfindenden Daten\u00fcbertragungen und f\u00fcr Ihre Interaktionen auf dieser Plattform gelten ausschlie\u00dflich die Datenschutzbestimmungen des jeweiligen Netzwerks.<\/p><p>Das Social Plug-in bleibt aktiv, bis Sie es deaktivieren oder Ihre Cookies l\u00f6schen.<\/p><p>\u00a0Cookie-Hinweise<br \/>c. Wenn Sie den Link zu einem Angebot anklicken oder ein Social Plug-in aktivieren, kann es sein, dass personenbezogene Daten zu Anbietern in L\u00e4ndern au\u00dferhalb des Europ\u00e4ischen Wirtschaftsraums gelangen, die aus der Sicht der Europ\u00e4ischen Union (\u201eEU\u201c) kein den EU-Standards entsprechendes \u201eangemessenes Schutzniveau\u201c f\u00fcr die Verarbeitung personenbezogener Daten gew\u00e4hrleisten. Bitte denken Sie an diesen Umstand, bevor Sie einen Link anklicken oder ein Social Plug-in aktivieren und damit eine \u00dcbertragung Ihrer Daten ausl\u00f6sen.<\/p><p>d. F\u00fcr Betrieb, Optimierung und Absicherung unserer Webseiten setzen wir au\u00dferdem qualifizierte Dienstleister (IT-Dienstleister, Marketing-Agenturen) ein. Personenbezogene Daten geben wir an diese nur weiter, soweit dies erforderlich ist f\u00fcr die Bereitstellung und Nutzung der Webseiten und deren Funktionalit\u00e4ten, zur Verfolgung berechtigter Interessen oder soweit Sie darin eingewilligt haben (s. unten im Abschnitt \u201eRechtsgrundlagen der Verarbeitung\u201c).<\/p><p>5. Auswertung von Nutzungsdaten; Einsatz von Analyse-Werkzeugen und Cookies<br \/>a. Wir m\u00f6chten die Inhalte unserer Webseiten m\u00f6glichst zielgenau auf die Interessen der Besucher unserer Webseiten abstimmen und auf diese Weise unser Angebot f\u00fcr alle verbessern. Um Nutzungsvorlieben und besonders popul\u00e4re Bereiche der Webseiten zu erkennen, verwenden wir das Analyse-Werkzeug Adobe Analytics, wenn Sie dem zustimmen. Dabei werden auch Cookies eingesetzt; n\u00e4here Informationen zu Cookies finden Sie in unseren Cookie-Hinweisen.<\/p><p>\u00a0Cookie-Hinweise<br \/>6. Sicherheit<br \/>Wir setzen technische und organisatorische Sicherheits\u00adma\u00dfnahmen ein, um Ihre durch uns verwalteten Daten gegen Manipulationen, Verlust, Zerst\u00f6rung und gegen den Zugriff unberechtigter Personen zu sch\u00fctzen. Wir verbessern unsere Sicherheitsma\u00dfnahmen fortlaufend entsprechend der technologischen Entwicklung.<\/p><p>7. Rechtsgrundlagen der Verarbeitung<br \/>a. Soweit Sie uns f\u00fcr die Verarbeitung Ihrer personenbezogenen Daten eine Einwilligung erteilt haben, stellte diese die Rechtsgrundlage f\u00fcr die Verarbeitung dar (Art. 6 Abs. 1 Buchst. a DSGVO).<\/p><p>b. F\u00fcr eine Verarbeitung personenbezogener Daten f\u00fcr die Zwecke der Anbahnung oder der Erf\u00fcllung eines Vertrages mit Ihnen ist Art. 6 Abs. 1 Buchst. b DSGVO die Rechtsgrundlage.<\/p><p>c. Soweit die Verarbeitung Ihrer personenbezogenen Daten zur Erf\u00fcllung unserer rechtlichen Verpflichtungen (z.B. zur Aufbewahrung von Daten) erforderlich ist, sind wir dazu gem\u00e4\u00df Art. 6 Abs. 1 Buchst. c DSGVO befugt.<\/p><p>d. Au\u00dferdem verarbeiten wir personenbezogene Daten zu Zwecken der Wahrnehmung unserer berechtigten Interessen sowie berechtigter Interessen Dritter gem\u00e4\u00df Art. 6 Abs. 1 Buchst. f DSGVO. Die Erhaltung der Funktionsf\u00e4higkeit unserer IT-Systeme, die (Direkt-)Vermarktung eigener und fremder Produkte und Dienstleistungen und die rechtlich gebotene Dokumentation von Gesch\u00e4ftskontakten sind solche berechtigten Interessen. Wir ber\u00fccksichtigen im Rahmen der jeweils erforderlichen Interessenabw\u00e4gung insbesondere die Art der personenbezogenen Daten, den Verarbeitungszweck, die Verarbeitungsumst\u00e4nde und Ihr Interesse an der Vertraulichkeit Ihrer personenbezogenen Daten.<\/p><p>8. L\u00f6schung Ihrer personenbezogenen Daten<br \/>Ihre IP-Adresse und den Namen Ihres Internet Service Providers, die wir nur aus Sicherheitsgr\u00fcnden speichern, l\u00f6schen wir nach sieben Tagen. Im \u00dcbrigen l\u00f6schen wir Ihre personenbezogenen Daten, sobald der Zweck, zu dem wir die Daten erhoben und verarbeitet haben, entf\u00e4llt. \u00dcber diesen Zeitpunkt hinaus findet eine Speicherung nur statt, soweit dies gem\u00e4\u00df den Gesetzen, Verordnungen oder sonstigen Rechtsvorschriften, denen wir unterliegen, in der EU oder nach Rechtsvorschriften in Drittstaaten, wenn dort jeweils ein angemessenes Datenschutzniveau gegeben ist, erforderlich ist. Soweit eine L\u00f6schung im Einzelfall nicht m\u00f6glich ist, werden die entsprechenden personenbezogenen Daten mit dem Ziel markiert, ihre k\u00fcnftige Verarbeitung einzuschr\u00e4nken.<\/p><p>9. Betroffenenrechte<\/p><p>a. Als von der Datenverarbeitung betroffene Person haben Sie das Recht auf Auskunft (Art. 15 DSGVO), Berichtigung (Art. 16 DSGVO), Datenl\u00f6schung (Art. 17 DSGVO), Einschr\u00e4nkung der Verarbeitung (Art. 18 DSGVO) sowie Daten\u00fcbertragbarkeit (Art. 20 DSGVO).<\/p><p>\u00a0Online Formular Betroffenenrechtemanagement<br \/>b. Haben Sie in die Verarbeitung Ihrer personenbezogenen Daten durch uns eingewilligt, haben Sie das Recht, die Einwilligung jederzeit zu widerrufen. Die Rechtm\u00e4\u00dfigkeit der Verarbeitung Ihrer personenbezogenen Daten bis zu einem Widerruf wird durch den Widerruf nicht ber\u00fchrt. Ebenso unber\u00fchrt bleibt eine weitere Verarbeitung dieser Daten aufgrund einer anderen Rechtsgrundlage, etwa zur Erf\u00fcllung rechtlicher Verpflichtungen (vgl. Abschnitt \u201eRechtsgrundlagen der Verarbeitung\u201c).<\/p><p>c. Widerspruchsrecht<br \/>Sie haben das Recht, aus Gr\u00fcnden, die sich aus Ihrer besonderen Situation ergeben, jederzeit gegen die Verarbeitung Sie betreffender personenbezogener Daten, die aufgrund von Art. 6 Abs. 1 e) DSGVO (Datenverarbeitung im \u00f6ffentlichen Interesse) oder Art. 6 Abs. 1 f) DSGVO (Datenverarbeitung auf der Grundlage einer Interessenabw\u00e4gung) erfolgt, Widerspruch einzulegen. Legen Sie Widerspruch ein, werden wir Ihre personenbezogenen Daten nur weiter verarbeiten, soweit wir daf\u00fcr zwingende berechtigte Gr\u00fcnde nachweisen k\u00f6nnen, die Ihre Interessen, Rechte und Freiheiten \u00fcberwiegen, oder soweit die Verarbeitung der Geltendmachung, Aus\u00fcbung oder Verteidigung von Rechtsanspr\u00fcchen dient. Sofern wir Ihre personenbezogenen Daten verarbeiten, um Direktwerbung zur Wahrnehmung berechtigter Interessen auf der Grundlage einer Interessenabw\u00e4gung zu betreiben, haben Sie zudem das Recht, hiergegen jederzeit ohne Nennung von Gr\u00fcnden Widerspruch einzulegen.<\/p><p>d. Wir bitten Sie, Ihre Anspr\u00fcche oder Erkl\u00e4rungen nach M\u00f6glichkeit an die nachstehende Kontaktadresse zu richten:<\/p><p>\u00a0kundenrechte_mb@daimler.com<br \/>e. Sind Sie der Ansicht, die Verarbeitung Ihrer personenbezogenen Daten versto\u00dfe gegen gesetzliche Vorgaben, haben Sie das Recht zur Beschwerde bei einer zust\u00e4ndigen Datenschutzaufsichtsbeh\u00f6rde (Art. 77 DSGVO).<\/p><p>10. Newsletter<br \/>Wenn Sie einen auf unserer Webseite angebotenen Newsletter abonnieren, werden die bei der Newsletter-Anmeldung angegebenen Daten nur f\u00fcr den Versand des Newsletters verwendet, soweit Sie nicht einer weitergehenden Nutzung zustimmen. Sie k\u00f6nnen das Abonnement jederzeit \u00fcber die im Newsletter vorgesehene Abmeldem\u00f6glichkeit beenden.<\/p><p>11. Zentraler Zugangsservice der Daimler AG<br \/>Mit dem zentralen Zugangsservice der Daimler AG k\u00f6nnen Sie sich bei allen an diesen Service angeschlossenen Webseiten und Applikationen der Daimler-Gruppe und ihrer Marken anmelden. Die daf\u00fcr geltenden Nutzungsbedingungen enthalten spezielle Datenschutzregelungen. Sie k\u00f6nnen diese Nutzungsbedingungen auf den jeweiligen Anmeldeseiten der angeschlossenen Webseiten und Applikationen abrufen.<\/p><p>12. Daten\u00fcbertragung an Empf\u00e4nger au\u00dferhalb des Europ\u00e4ischen Wirtschaftsraums<br \/>a. Beim Einsatz von Dienstleistern (s. Abschnitt \u201eEinsatz von Dienstleistern\u201c) k\u00f6nnen personenbezogene Daten an Empf\u00e4nger in L\u00e4ndern au\u00dferhalb der Europ\u00e4ischen Union (\u201eEU\u201c), Islands, Liechtensteins und Norwegens (= Europ\u00e4ischer Wirtschaftsraum) \u00fcbertragen und dort verarbeitet werden, insbesondere USA, Indien.<\/p><p>b. In den folgenden L\u00e4ndern besteht aus der Sicht der EU ein den EU-Standards entsprechendes angemessenes Schutzniveau f\u00fcr die Verarbeitung personenbezogener Daten (sog. Angemessenheitsbeschluss): Andorra, Argentinien, Kanada (eingeschr\u00e4nkt), F\u00e4r\u00f6er-Inseln, Guernsey, Israel, Isle of Man, Japan, Jersey, Neuseeland, Schweiz, Uruguay. Mit Empf\u00e4ngern in anderen L\u00e4ndern vereinbaren wir die Anwendung von EU-Standardvertragsklauseln, von verbindlichen Unternehmensregelungen oder andere zul\u00e4ssige Mechanismen, um entsprechend den gesetzlichen Anforderungen ein angemessenes Schutzniveau zu schaffen. Informationen hierzu stellen wir Ihnen gerne \u00fcber die im Abschnitt \u201eBetroffenenrechte\u201c genannten Kontaktdaten zur Verf\u00fcgung.<\/p><p>13. Cookies<br \/>Informationen zu den von uns verwendeten Cookies und deren Funktionen finden Sie in unseren Cookie-Hinweisen.<\/p><p>\u00a0Cookie-Hinweise<br \/>\u00a9 Copyright Mercedes-Benz AG, Stand Januar 2021<\/p><p>Rechtliche Hinweise<br \/>Urheberrecht.<br \/>Alle Rechte vorbehalten. Alle Texte, Bilder, Graphiken, Ton-, Video- und Animationsdateien sowie ihre Arrangements unterliegen dem Urheberrecht und anderen Gesetzen zum Schutz geistigen Eigentums. Sie d\u00fcrfen weder f\u00fcr Handelszwecke oder zur Weitergabe kopiert, noch ver\u00e4ndert und auf anderen Web-Sites verwendet werden. Einige Internet-Seiten enthalten auch Material, das dem Urheberrecht derjenigen unterliegt, die dieses zur Verf\u00fcgung gestellt haben.<\/p><p>Produkt und Preise.<br \/>Nach Redaktionsschluss einzelner Seiten k\u00f6nnen sich \u00c4nderungen bei Produkten und Leistungen ergeben haben. Konstruktions- oder Form\u00e4nderungen, Abweichungen im Farbton sowie \u00c4nderungen des Liefer- oder Leistungsumfangs seitens des Herstellers bleiben w\u00e4hrend der Lieferzeit vorbehalten, sofern die \u00c4nderungen oder Abweichungen unter Ber\u00fccksichtigung unserer Interessen f\u00fcr den Kunden zumutbar sind. Die Abbildungen k\u00f6nnen auch Zubeh\u00f6r, Sonderausstattungen oder sonstige Umf\u00e4nge enthalten, die nicht zum serienm\u00e4\u00dfigen Liefer- oder Leistungsumfang geh\u00f6ren. Farbabweichungen sind technisch bedingt. Einzelne Seiten k\u00f6nnen auch Typen und Leistungen enthalten, die in einzelnen L\u00e4ndern nicht angeboten werden. Aussagen \u00fcber gesetzliche, rechtliche und steuerliche Vorschriften und Auswirkungen haben nur f\u00fcr die Bundesrepublik Deutschland G\u00fcltigkeit. Vorbehaltlich anderslautender Regelung in den Verkaufs- oder Lieferbedingungen gelten die am Tage der Lieferung g\u00fcltigen Preise. F\u00fcr unsere Vertragspartner verstehen sich die Preise als unverbindliche Preisempfehlung. Fragen Sie daher zum letzten Stand bitte eine Niederlassung oder einen Vertragspartner.<\/p><p>Handelsmarken.<br \/>Wo nicht anders angegeben, sind alle auf den Internet-Seiten genannten Marken gesetzlich gesch\u00fctzte Warenzeichen des Daimler Konzerns, dies gilt insbesondere f\u00fcr die Modellnamen sowie alle Logos und Embleme des Unternehmens.<\/p><p>Lizenzrechte.<br \/>Wir m\u00f6chten Ihnen ein innovatives und informatives Internet-Programm anbieten. Wir hoffen deshalb, dass Sie sich \u00fcber unsere kreative Gestaltung genauso freuen wie wir. Wir bitten Sie aber dennoch um Verst\u00e4ndnis daf\u00fcr, dass unser geistiges Eigentum, einschlie\u00dflich Patente, Marken, Kennzeichnungs- und Urheberrechte, gesch\u00fctzt sind und diese Internet-Seiten keinerlei Lizenzrechte an diesem geistigen Eigentum gew\u00e4hren k\u00f6nnen.<\/p><p>Hinweise \u00fcber vorausschauende Aussagen.<br \/>Diese Internetseite enth\u00e4lt vorausschauende Aussagen zu unserer aktuellen Einsch\u00e4tzung k\u00fcnftiger Vorg\u00e4nge. W\u00f6rter wie \u00bbantizipieren\u00ab, \u00bbannehmen\u00ab, \u00bbglauben\u00ab, \u00bbeinsch\u00e4tzen\u00ab, \u00bberwarten\u00ab, \u00bbbeabsichtigen\u00ab, \u00bbk\u00f6nnen\/k\u00f6nnten\u00ab, \u00bbplanen\u00ab, \u00bbprojizieren\u00ab, \u00bbsollten\u00ab und \u00e4hnliche Begriffe kennzeichnen solche vorausschauenden Aussagen.<\/p><p>Diese Aussagen sind einer Reihe von Risiken und Unsicherheiten unterworfen. Einige Beispiele hierf\u00fcr sind<\/p><p>* eine ung\u00fcnstige Entwicklung der weltwirtschaftlichen Situation, insbesondere ein R\u00fcckgang der Nachfrage in unseren wichtigsten Absatzm\u00e4rkten,<br \/>* eine Verschlechterung unserer Refinanzierungsm\u00f6glichkeiten an den Kredit- und Finanzm\u00e4rkten,<br \/>* unabwendbare Ereignisse h\u00f6herer Gewalt wie beispielsweise Naturkatastrophen, Terrorakte, politische Unruhen, kriegerische Auseinandersetzungen, Industrieunf\u00e4lle und deren Folgewirkungen auf unsere Verkaufs-, Einkaufs-, Produktions- oder Finanzierungsaktivit\u00e4ten,<br \/>* Ver\u00e4nderungen von Wechselkursen und Zollbestimmungen,<br \/>* eine Ver\u00e4nderung des Konsumverhaltens in Richtung kleinerer und weniger gewinnbringender Fahrzeuge oder ein m\u00f6glicher Akzeptanzverlust unserer Produkte und Dienstleistungen mit der Folge einer Beeintr\u00e4chtigung bei der Durchsetzung von Preisen und bei der Auslastung von Produktionskapazit\u00e4ten,<br \/>* Preiserh\u00f6hungen bei Kraftstoffen und Rohstoffen,<br \/>* Unterbrechungen der Produktion aufgrund von Materialengp\u00e4ssen, Belegschaftsstreiks oder Lieferanteninsolvenzen,<br \/>* ein R\u00fcckgang der Wiederverkaufspreise von Gebrauchtfahrzeugen,<br \/>* die erfolgreiche Umsetzung von Kostenreduzierungs- und Effizienzsteigerungsma\u00dfnahmen,<br \/>* die Gesch\u00e4ftsaussichten der Gesellschaften, an denen wir bedeutende Beteiligungen halten,<br \/>* die erfolgreiche Umsetzung strategischer Kooperationen und Joint Ventures,<br \/>* die \u00c4nderungen von Gesetzen, Bestimmungen und beh\u00f6rdlichen Richtlinien, insbesondere soweit sie Fahrzeugemissionen, Kraftstoffverbrauch und Sicherheit betreffen,<br \/>* sowie der Abschluss laufender beh\u00f6rdlicher oder von Beh\u00f6rden veranlasster Untersuchungen und der Ausgang anh\u00e4ngiger oder drohender k\u00fcnftiger rechtlicher Verfahren<br \/>* und weitere Risiken und Unw\u00e4gbarkeiten, von denen einige im aktuellen Gesch\u00e4ftsbericht unter der \u00dcberschrift \u00bbRisiko- und Chancenbericht\u00ab beschrieben sind.<\/p><p>Sollte einer dieser Unsicherheitsfaktoren oder eine dieser Unw\u00e4gbarkeiten eintreten oder sollten sich die den vorausschauenden Aussagen zugrunde liegenden Annahmen als unrichtig erweisen, k\u00f6nnten die tats\u00e4chlichen Ergebnisse wesentlich von den in diesen Aussagen genannten oder implizit zum Ausdruck gebrachten Ergebnissen abweichen.<br \/>Wir haben weder die Absicht noch \u00fcbernehmen wir eine Verpflichtung, vorausschauende Aussagen laufend zu aktualisieren, da diese ausschlie\u00dflich auf den Umst\u00e4nden am Tag der Ver\u00f6ffentlichung basieren.<\/p><p>Haftung.<br \/>Die Informationen und Angaben auf diesen Seiten stellen keine Zusicherung oder Garantie dar, sei sie ausdr\u00fccklich oder stillschweigend. Sie stellen insbesondere keine stillschweigende Zusage oder Garantie betreffend die Beschaffenheit, die Handelsf\u00e4higkeit, die Eignung f\u00fcr bestimmte Zwecke oder den Nichtversto\u00df gegen Gesetze und Patente dar.<br \/>Auf unseren Internet-Seiten finden Sie auch Links zu anderen Seiten im Internet. Wir m\u00f6chten Sie darauf hinweisen, dass wir keinen Einfluss auf die Gestaltung und den Inhalt der Seiten haben, auf die verlinkt wird. Wir k\u00f6nnen daher auch keine Gew\u00e4hr f\u00fcr die Aktualit\u00e4t, Korrektheit, Vollst\u00e4ndigkeit oder Qualit\u00e4t der dort bereitgestellten Informationen \u00fcbernehmen. Vor diesem Hintergrund distanzieren wir uns hiermit von allen Inhalten dieser Seiten. Diese Erkl\u00e4rung gilt f\u00fcr alle auf unseren Internet-Seiten enthaltenen Links zu externen Seiten und deren Inhalte.<br \/>Hinweis gem\u00e4\u00df \u00a7 36 Verbraucherstreitbeilegungsgesetz (VSBG)<br \/>Wir werden nicht an einem Streitbeilegungsverfahren vor einer Verbraucherschlichtungsstelle im Sinne des deutschen Verbraucherstreitbeilegungsgesetzes (VSBG) teilnehmen und sind hierzu auch nicht verpflichtet.<\/p><p>Informationen zur Online-Streitbeilegung<\/p><p>Die EU-Kommission hat eine Internetplattform zur Online-Beilegung von Streitigkeiten (sog. \u201eOS-Plattform\u201c) geschaffen. Die OS-Plattform dient als Anlaufstelle zur au\u00dfergerichtlichen Beilegung von Streitigkeiten betreffend vertragliche Verpflichtungen, die aus Online-Kaufvertr\u00e4gen erwachsen. Sie k\u00f6nnen die OS-Plattform unter dem folgenden Link erreichen:<\/p><p>\u00a0https:\/\/ec.europa.eu\/consumers\/odr<br \/>Hinweise zum Batteriegesetz.<br \/>Das Symbol des durchgestrichenen M\u00fclleimers besagt, dass Batterien und Akkumulatoren (zusammen: Altbatterien) nach Gebrauch nicht im unsortierten Siedlungsabfall (Hausm\u00fcll) entsorgt werden d\u00fcrfen.<br \/>Sofern Batterien oder Akkumulatoren Quecksilber (Hg), Cadmium (Cd) oder Blei (Pb) enthalten, finden Sie das jeweilige chemische Zeichen unterhalb des Symbols des durchgestrichenen M\u00fclleimers. Sie sind gesetzlich verpflichtet, alte Batterien und Akkumulatoren nach Gebrauch zur\u00fcckzugeben. Sie k\u00f6nnen dies kostenfrei im Handelsgesch\u00e4ft oder bei einer anderen Sammelstelle in Ihrer N\u00e4he tun. Adressen geeigneter Sammelstellen k\u00f6nnen Sie von Ihrer Stadt- oder Kommunalverwaltung erhalten.<br \/>Batterien k\u00f6nnen Stoffe enthalten, die sch\u00e4dlich f\u00fcr die Umwelt und die menschliche Gesundheit sind. Vorsicht ist aufgrund der besonderen Risiken beim Umgang mit lithiumhaltigen Batterien geboten. Durch die getrennte Sammlung und Verwertung von alten Batterien und Akkumulatoren sollen negative Auswirkungen auf die Umwelt und die menschliche Gesundheit vermieden werden.<br \/>Bitte vermeiden Sie die Entstehung von Abf\u00e4llen aus alten Batterien soweit wie m\u00f6glich, z.B. indem Sie Batterien mit l\u00e4ngerer Lebensdauer oder aufladbare Batterien bevorzugen. Bitte vermeiden Sie die Verm\u00fcllung des \u00f6ffentlichen Raums, indem Sie Batterien oder batteriehaltige Elektro- und Elektronikger\u00e4te nicht achtlos liegenlassen. Bitte pr\u00fcfen Sie M\u00f6glichkeiten, eine Batterie anstatt der Entsorgung einer Wiederverwendung zuzuf\u00fchren, beispielsweise durch die Rekonditionierung oder die Instandsetzung der Batterie.<br \/>Die im Jahr 2020 erreichte Verwertungsquote f\u00fcr die von der Mercedes-Benz AG zur\u00fcckgenommenen Fahrzeug- und Industrie-Altbatterien betr\u00e4gt 100%.<\/p><p>Altfahrzeuge.<br \/>Gem\u00e4\u00df Altfahrzeugverordnung und Elektro- und Elektronikger\u00e4tegesetz sind wir als Hersteller verpflichtet, j\u00e4hrlich Daten \u00fcber die Erreichung der quantitativen Zielvorgaben mit Blick auf die Verwertung der Altfahrzeuge (Verwertungsquoten) und die getrennte Erfassung und Verwertung von Elektroger\u00e4ten zu ver\u00f6ffentlichen. Details zu den Altfahrzeug-Verwertungsquoten in Deutschland finden Sie auf der Internetseite des Bundesumweltministeriums<\/p><p>\u00a0Altfahrzeug-Verwertungsquoten hier einsehen.<br \/>Elektro- und Elektronikger\u00e4te.<br \/>1. Entsorgung von Elektro- und Elektronikger\u00e4ten<br \/>Die durchgestrichene M\u00fclltonne bedeutet, dass Sie gesetzlich verpflichtet sind, diese Ger\u00e4te einer vom unsortierten Siedlungsabfall getrennten Erfassung zuzuf\u00fchren. Die Entsorgung \u00fcber die Restm\u00fclltonne oder die gelbe Tonne ist untersagt. Enthalten die Produkte Batterien oder Akkus, die nicht fest verbaut sind, m\u00fcssen diese vor der Entsorgung entnommen und getrennt als Batterie entsorgt werden.<\/p><p>M\u00f6glichkeiten der R\u00fcckgabe von Altger\u00e4ten.<br \/>2. M\u00f6glichkeiten der R\u00fcckgabe von Altger\u00e4ten<br \/>Besitzer von Altger\u00e4ten k\u00f6nnen diese im Rahmen der durch \u00f6ffentlich-rechtlichen Entsorgungstr\u00e4ger eingerichteten und zur Verf\u00fcgung stehenden M\u00f6glichkeiten (also Recycling-\/ Wertstoffh\u00f6fe der Kommunen) der R\u00fcckgabe oder Sammlung von Altger\u00e4ten unentgeltlich abgeben, damit eine ordnungsgem\u00e4\u00dfe Entsorgung der Altger\u00e4te sichergestellt ist. Unter dem folgenden Link besteht die M\u00f6glichkeit, sich ein Onlineverzeichnis der Sammel- und R\u00fccknahmestellen anzuzeigen zu lassen:<\/p><p>\u00a0Altger\u00e4te Sammel-und R\u00fccknahmestellen<br \/>* Des Weiteren k\u00f6nnen Sie sowohl Akkus und Batterien, als auch Elektro-Altger\u00e4te bei allen unseren Niederlassungen unentgeltlich abgeben.<\/p><p>Datenschutz.<br \/>3. Datenschutz<br \/>Wir weisen alle Endnutzer von Elektro- und Elektronikaltger\u00e4ten darauf hin, dass Sie f\u00fcr das L\u00f6schen personenbezogener Daten auf den zu entsorgenden Altger\u00e4ten selbst verantwortlich sind.<\/p><p>WEEE-Registrierungsnummer.<br \/>4. WEEE-Registrierungsnummer<br \/>Unter der Registrierungsnummer DE 64356963 sind wir bei der Stiftung Elektro-Altger\u00e4te Register, Nordostpark 72, 90411 N\u00fcrnberg, als Hersteller von Elektro- und\/ oder Elektronikger\u00e4ten registriert.<\/p><p>Informationspflicht.<br \/>5. Informationspflicht<br \/>Informationspflichten gem\u00e4\u00df \u00a7 18 Elektro- und Elektronikger\u00e4tegesetz finden Sie hier:<\/p><p>\u00a0Aktuelle Informationspflichten<br \/>* Ger\u00e4te, Akkus und Batterien, die Sie bei uns erworben haben bzw. welche aus dem Mercedes-Benz Sortiment stammen.<\/p><p>\u00a9 Copyright Mercedes-Benz AG<\/p>\t\t\t\t\t\t<\/div>\n\t\t\t\t<\/div>\n\t\t\t\t\t<\/div>\n\t\t<\/div>\n\t\t\t\t\t\t\t<\/div>\n\t\t<\/section>\n\t\t\t\t<section class=\"elementor-section elementor-top-section elementor-element elementor-element-c57572e elementor-section-full_width elementor-section-height-default elementor-section-height-default\" data-id=\"c57572e\" data-element_type=\"section\">\n\t\t\t\t\t\t<div class=\"elementor-container elementor-column-gap-default\">\n\t\t\t\t\t<div class=\"elementor-column elementor-col-100 elementor-top-column elementor-element elementor-element-ecb569e\" data-id=\"ecb569e\" data-element_type=\"column\">\n\t\t\t<div class=\"elementor-widget-wrap elementor-element-populated\">\n\t\t\t\t\t\t\t\t<div class=\"elementor-element elementor-element-b70b07b elementor-widget elementor-widget-text-editor\" data-id=\"b70b07b\" data-element_type=\"widget\" data-widget_type=\"text-editor.default\">\n\t\t\t\t<div class=\"elementor-widget-container\">\n\t\t\t\t\t\t\t<p style=\"text-align: center;\"><strong>EQB 300 4MATIC | WLTP: Stromverbrauch kombiniert: 19,4-18,1 Wh\/100 km; CO2-Emissionen kombiniert: 0 g\/km\u00a0<span class=\"footnotes__nbr footnotes__nbr--moved\" data-nn-footnotes=\"contentpager\" data-nn-footnotes-key=\"8514a9c969f02514ce29df23fd795fc3062a56da9c474009b03805cf8d08368b\"><sup class=\"footnotes__nbr\">[1]\u00a0<\/sup><\/span><span class=\"footnotes__nbr footnotes__nbr--moved\" data-nn-footnotes=\"contentpager\" data-nn-footnotes-key=\"8826c37b0d844b0ecb55d808617f5f21bbc4be60d1a471e7b9a03cd2cfcd4bd4\"><sup class=\"footnotes__nbr\">[2]<\/sup><\/span><br \/><\/strong><strong>EQB 350 4MATIC | WLTP: Stromverbrauch kombiniert: 19,4-18,1\u00a0kWh\/100 km; CO2-Emissionen kombiniert: 0 g\/km\u00a0<span class=\"footnotes__nbr footnotes__nbr--moved\" data-nn-footnotes=\"contentpager\" data-nn-footnotes-key=\"8514a9c969f02514ce29df23fd795fc3062a56da9c474009b03805cf8d08368b\"><sup class=\"footnotes__nbr\">[1]\u00a0<\/sup><\/span><span class=\"footnotes__nbr footnotes__nbr--moved\" data-nn-footnotes=\"contentpager\" data-nn-footnotes-key=\"8826c37b0d844b0ecb55d808617f5f21bbc4be60d1a471e7b9a03cd2cfcd4bd4\"><sup class=\"footnotes__nbr\">[2]<\/sup><\/span><\/strong><strong><span class=\"footnotes__nbr footnotes__nbr--moved\" data-nn-footnotes=\"contentpager\" data-nn-footnotes-key=\"8826c37b0d844b0ecb55d808617f5f21bbc4be60d1a471e7b9a03cd2cfcd4bd4\"><sup class=\"footnotes__nbr\"><br \/><\/sup><\/span><\/strong><\/p><p style=\"text-align: center;\">[1]\u00a0Stromverbrauch und Reichweite wurden auf Grundlage der VO 2017\/1151\/EU ermittelt.\u00a0[2] Weitere Informationen zum offiziellen Kraftstoffverbrauch und zu den offiziellen spezifischen CO2-Emissionen neuer Personenkraftwagen k\u00f6nnen dem \u201eLeitfaden \u00fcber den Kraftstoffverbrauch die CO2-Emissionen und den Stromverbrauch neuer Personenkraftwagen\u201c entnommen werden, der an allen Verkaufsstellen und bei der DAT Deutsche Automobil Treuhand GmbH (www.dat.de) unentgeltlich erh\u00e4ltlich ist.<\/p>\t\t\t\t\t\t<\/div>\n\t\t\t\t<\/div>\n\t\t\t\t\t<\/div>\n\t\t<\/div>\n\t\t\t\t\t\t\t<\/div>\n\t\t<\/section>\n\t\t\t\t\t\t\t<\/div>\n\t\t","protected":false},"excerpt":{"rendered":"<p>Anbieter und Datenschutz AnbieterMercedes-Benz AGMercedesstra\u00dfe 12070372 StuttgartTel.: (+49) 0711 \/ 17-0eMail: dialog.mb@daimler.com Vertreten durch den Vorstand:Ola K\u00e4llenius (Vorsitzender), J\u00f6rg Burzer, Renata Jungo Br\u00fcngger, Sabine Kohleisen, Markus Sch\u00e4fer, Britta Seeger, Harald Wilhelm Vorsitzender des Aufsichtsrates: Bernd Pischetsrieder Sitz und Registergericht:Handelsregister beim Amtsgericht Stuttgart, Nr. HRB 762873Umsatzsteueridentifikationsnummer: DE 32 12 81 763 Versicherungsvermittlerregister (www.vermittlerregister.info):Register-Nr. D-N5VM-4IM0N-23 Erlaubnisbefreiung nach [&hellip;]<\/p>\n","protected":false},"author":1,"featured_media":0,"parent":0,"menu_order":0,"comment_status":"closed","ping_status":"closed","template":"elementor_header_footer","meta":{"footnotes":""},"class_list":["post-417","page","type-page","status-publish","hentry"],"yoast_head":"<!-- This site is optimized with the Yoast SEO plugin v24.9 - https:\/\/yoast.com\/wordpress\/plugins\/seo\/ -->\n<title>Impressum_Datenschutz - Adventkalender Mercedes-Benz Hamburg<\/title>\n<meta name=\"robots\" content=\"noindex, follow, max-snippet:-1, max-image-preview:large, max-video-preview:-1\" \/>\n<meta property=\"og:locale\" content=\"de_DE\" \/>\n<meta property=\"og:type\" content=\"article\" \/>\n<meta property=\"og:title\" content=\"Impressum_Datenschutz - Adventkalender Mercedes-Benz Hamburg\" \/>\n<meta property=\"og:description\" content=\"Anbieter und Datenschutz AnbieterMercedes-Benz AGMercedesstra\u00dfe 12070372 StuttgartTel.: (+49) 0711 \/ 17-0eMail: dialog.mb@daimler.com Vertreten durch den Vorstand:Ola K\u00e4llenius (Vorsitzender), J\u00f6rg Burzer, Renata Jungo Br\u00fcngger, Sabine Kohleisen, Markus Sch\u00e4fer, Britta Seeger, Harald Wilhelm Vorsitzender des Aufsichtsrates: Bernd Pischetsrieder Sitz und Registergericht:Handelsregister beim Amtsgericht Stuttgart, Nr. HRB 762873Umsatzsteueridentifikationsnummer: DE 32 12 81 763 Versicherungsvermittlerregister (www.vermittlerregister.info):Register-Nr. D-N5VM-4IM0N-23 Erlaubnisbefreiung nach [&hellip;]\" \/>\n<meta property=\"og:url\" content=\"https:\/\/www.xmas-mercedes.hamburg\/?page_id=417\" \/>\n<meta property=\"og:site_name\" content=\"Adventkalender Mercedes-Benz Hamburg\" \/>\n<meta property=\"article:modified_time\" content=\"2021-11-25T09:53:47+00:00\" \/>\n<meta name=\"twitter:card\" content=\"summary_large_image\" \/>\n<meta name=\"twitter:label1\" content=\"Gesch\u00e4tzte Lesezeit\" \/>\n\t<meta name=\"twitter:data1\" content=\"18\u00a0Minuten\" \/>\n<script type=\"application\/ld+json\" class=\"yoast-schema-graph\">{\"@context\":\"https:\/\/schema.org\",\"@graph\":[{\"@type\":\"WebPage\",\"@id\":\"https:\/\/www.xmas-mercedes.hamburg\/?page_id=417\",\"url\":\"https:\/\/www.xmas-mercedes.hamburg\/?page_id=417\",\"name\":\"Impressum_Datenschutz - Adventkalender Mercedes-Benz Hamburg\",\"isPartOf\":{\"@id\":\"https:\/\/www.xmas-mercedes.hamburg\/#website\"},\"datePublished\":\"2021-11-16T14:26:01+00:00\",\"dateModified\":\"2021-11-25T09:53:47+00:00\",\"breadcrumb\":{\"@id\":\"https:\/\/www.xmas-mercedes.hamburg\/?page_id=417#breadcrumb\"},\"inLanguage\":\"de\",\"potentialAction\":[{\"@type\":\"ReadAction\",\"target\":[\"https:\/\/www.xmas-mercedes.hamburg\/?page_id=417\"]}]},{\"@type\":\"BreadcrumbList\",\"@id\":\"https:\/\/www.xmas-mercedes.hamburg\/?page_id=417#breadcrumb\",\"itemListElement\":[{\"@type\":\"ListItem\",\"position\":1,\"name\":\"Startseite\",\"item\":\"https:\/\/www.xmas-mercedes.hamburg\/\"},{\"@type\":\"ListItem\",\"position\":2,\"name\":\"Impressum_Datenschutz\"}]},{\"@type\":\"WebSite\",\"@id\":\"https:\/\/www.xmas-mercedes.hamburg\/#website\",\"url\":\"https:\/\/www.xmas-mercedes.hamburg\/\",\"name\":\"Adventkalender Mercedes-Benz Hamburg\",\"description\":\"\",\"potentialAction\":[{\"@type\":\"SearchAction\",\"target\":{\"@type\":\"EntryPoint\",\"urlTemplate\":\"https:\/\/www.xmas-mercedes.hamburg\/?s={search_term_string}\"},\"query-input\":{\"@type\":\"PropertyValueSpecification\",\"valueRequired\":true,\"valueName\":\"search_term_string\"}}],\"inLanguage\":\"de\"}]}<\/script>\n<!-- \/ Yoast SEO plugin. -->","yoast_head_json":{"title":"Impressum_Datenschutz - Adventkalender Mercedes-Benz Hamburg","robots":{"index":"noindex","follow":"follow","max-snippet":"max-snippet:-1","max-image-preview":"max-image-preview:large","max-video-preview":"max-video-preview:-1"},"og_locale":"de_DE","og_type":"article","og_title":"Impressum_Datenschutz - Adventkalender Mercedes-Benz Hamburg","og_description":"Anbieter und Datenschutz AnbieterMercedes-Benz AGMercedesstra\u00dfe 12070372 StuttgartTel.: (+49) 0711 \/ 17-0eMail: dialog.mb@daimler.com Vertreten durch den Vorstand:Ola K\u00e4llenius (Vorsitzender), J\u00f6rg Burzer, Renata Jungo Br\u00fcngger, Sabine Kohleisen, Markus Sch\u00e4fer, Britta Seeger, Harald Wilhelm Vorsitzender des Aufsichtsrates: Bernd Pischetsrieder Sitz und Registergericht:Handelsregister beim Amtsgericht Stuttgart, Nr. HRB 762873Umsatzsteueridentifikationsnummer: DE 32 12 81 763 Versicherungsvermittlerregister (www.vermittlerregister.info):Register-Nr. D-N5VM-4IM0N-23 Erlaubnisbefreiung nach [&hellip;]","og_url":"https:\/\/www.xmas-mercedes.hamburg\/?page_id=417","og_site_name":"Adventkalender Mercedes-Benz Hamburg","article_modified_time":"2021-11-25T09:53:47+00:00","twitter_card":"summary_large_image","twitter_misc":{"Gesch\u00e4tzte Lesezeit":"18\u00a0Minuten"},"schema":{"@context":"https:\/\/schema.org","@graph":[{"@type":"WebPage","@id":"https:\/\/www.xmas-mercedes.hamburg\/?page_id=417","url":"https:\/\/www.xmas-mercedes.hamburg\/?page_id=417","name":"Impressum_Datenschutz - Adventkalender Mercedes-Benz Hamburg","isPartOf":{"@id":"https:\/\/www.xmas-mercedes.hamburg\/#website"},"datePublished":"2021-11-16T14:26:01+00:00","dateModified":"2021-11-25T09:53:47+00:00","breadcrumb":{"@id":"https:\/\/www.xmas-mercedes.hamburg\/?page_id=417#breadcrumb"},"inLanguage":"de","potentialAction":[{"@type":"ReadAction","target":["https:\/\/www.xmas-mercedes.hamburg\/?page_id=417"]}]},{"@type":"BreadcrumbList","@id":"https:\/\/www.xmas-mercedes.hamburg\/?page_id=417#breadcrumb","itemListElement":[{"@type":"ListItem","position":1,"name":"Startseite","item":"https:\/\/www.xmas-mercedes.hamburg\/"},{"@type":"ListItem","position":2,"name":"Impressum_Datenschutz"}]},{"@type":"WebSite","@id":"https:\/\/www.xmas-mercedes.hamburg\/#website","url":"https:\/\/www.xmas-mercedes.hamburg\/","name":"Adventkalender Mercedes-Benz Hamburg","description":"","potentialAction":[{"@type":"SearchAction","target":{"@type":"EntryPoint","urlTemplate":"https:\/\/www.xmas-mercedes.hamburg\/?s={search_term_string}"},"query-input":{"@type":"PropertyValueSpecification","valueRequired":true,"valueName":"search_term_string"}}],"inLanguage":"de"}]}},"_links":{"self":[{"href":"https:\/\/www.xmas-mercedes.hamburg\/index.php?rest_route=\/wp\/v2\/pages\/417","targetHints":{"allow":["GET"]}}],"collection":[{"href":"https:\/\/www.xmas-mercedes.hamburg\/index.php?rest_route=\/wp\/v2\/pages"}],"about":[{"href":"https:\/\/www.xmas-mercedes.hamburg\/index.php?rest_route=\/wp\/v2\/types\/page"}],"author":[{"embeddable":true,"href":"https:\/\/www.xmas-mercedes.hamburg\/index.php?rest_route=\/wp\/v2\/users\/1"}],"replies":[{"embeddable":true,"href":"https:\/\/www.xmas-mercedes.hamburg\/index.php?rest_route=%2Fwp%2Fv2%2Fcomments&post=417"}],"version-history":[{"count":46,"href":"https:\/\/www.xmas-mercedes.hamburg\/index.php?rest_route=\/wp\/v2\/pages\/417\/revisions"}],"predecessor-version":[{"id":1596,"href":"https:\/\/www.xmas-mercedes.hamburg\/index.php?rest_route=\/wp\/v2\/pages\/417\/revisions\/1596"}],"wp:attachment":[{"href":"https:\/\/www.xmas-mercedes.hamburg\/index.php?rest_route=%2Fwp%2Fv2%2Fmedia&parent=417"}],"curies":[{"name":"wp","href":"https:\/\/api.w.org\/{rel}","templated":true}]}}